{"id":7704,"date":"2022-07-01T13:09:44","date_gmt":"2022-07-01T11:09:44","guid":{"rendered":"https:\/\/www.grupoapex.es\/aviso-legal-politica-de-privacidad\/"},"modified":"2026-03-02T08:34:46","modified_gmt":"2026-03-02T07:34:46","slug":"legal-notice-and-privacy-policy","status":"publish","type":"page","link":"https:\/\/www.grupoapex.es\/en\/legal-notice-and-privacy-policy\/","title":{"rendered":"Legal Notice and Privacy Policy"},"content":{"rendered":"<p>[et_pb_section fb_built=&#8221;1&#8243; _builder_version=&#8221;4.16&#8243; _module_preset=&#8221;default&#8221; custom_padding=&#8221;0px||5px|||&#8221; global_colors_info=&#8221;{}&#8221;][et_pb_row _builder_version=&#8221;4.16&#8243; _module_preset=&#8221;default&#8221; global_colors_info=&#8221;{}&#8221;][et_pb_column type=&#8221;4_4&#8243; _builder_version=&#8221;4.16&#8243; _module_preset=&#8221;default&#8221; global_colors_info=&#8221;{}&#8221;][et_pb_text _builder_version=&#8221;4.16&#8243; _module_preset=&#8221;default&#8221; global_colors_info=&#8221;{}&#8221;]<\/p>\n<h1 style=\"text-align: center;\"><span style=\"text-decoration: underline;\">Legal Notice and Privacy Policy<\/span><\/h1>\n<p>[\/et_pb_text][\/et_pb_column][\/et_pb_row][\/et_pb_section][et_pb_section fb_built=&#8221;1&#8243; _builder_version=&#8221;4.16&#8243; _module_preset=&#8221;default&#8221; custom_padding=&#8221;5px||4px|||&#8221; global_colors_info=&#8221;{}&#8221;][et_pb_row _builder_version=&#8221;4.16&#8243; _module_preset=&#8221;default&#8221; global_colors_info=&#8221;{}&#8221;][et_pb_column type=&#8221;4_4&#8243; _builder_version=&#8221;4.16&#8243; _module_preset=&#8221;default&#8221; global_colors_info=&#8221;{}&#8221;][et_pb_text _builder_version=&#8221;4.16&#8243; _module_preset=&#8221;default&#8221; global_colors_info=&#8221;{}&#8221;]<\/p>\n<h2>1. PRIVACY POLICY<\/h2>\n<p>[\/et_pb_text][et_pb_text _builder_version=&#8221;4.16&#8243; _module_preset=&#8221;default&#8221; global_colors_info=&#8221;{}&#8221;]<\/p>\n<p>The personal data that you provide us by any of the means enabled for this purpose, will be treated in accordance with the following privacy policy.<\/p>\n<p>In relation to the collection of data, inform you that, in the event that it is not necessary to provide all the requested data, those fields that are mandatory to fill in will be identified with an asterisk, the rest being absolutely voluntary.<\/p>\n<p>[\/et_pb_text][et_pb_divider show_divider=&#8221;off&#8221; _builder_version=&#8221;4.16&#8243; _module_preset=&#8221;default&#8221; global_colors_info=&#8221;{}&#8221;][\/et_pb_divider][et_pb_text _builder_version=&#8221;4.16&#8243; _module_preset=&#8221;default&#8221; global_colors_info=&#8221;{}&#8221;]<\/p>\n<h2>1.1.- IDENTITY OF THE RESPONSIBLE.<\/h2>\n<hr \/>\n<p>[\/et_pb_text][et_pb_text _builder_version=&#8221;4.16&#8243; _module_preset=&#8221;default&#8221; global_colors_info=&#8221;{}&#8221;]<\/p>\n<table style=\"width: 100%; border: 0px !important;\" cellspacing=\"0\" cellpadding=\"0\">\n<tbody>\n<tr>\n<td style=\"width: 188px; text-align: right; border: 0px !important;\"><span style=\"text-decoration: underline;\">Responsible<\/span> :<\/td>\n<td style=\"padding: 6px 6px; border: 0px !important;\">Aperitivos y Extrusionados, S.A.<\/td>\n<\/tr>\n<tr>\n<td style=\"text-align: right; border: 0px !important;\"><span style=\"text-decoration: underline;\">Postal address<\/span> :<\/td>\n<td style=\"padding: 6px 6px; border: 0px !important;\">Pol\u00edgono \u201cEl Ginestar\u201d, Carretera Nacional, 232. Km. 104, Zip Code: 31550, Ribaforada, (Navarra)<\/td>\n<\/tr>\n<tr>\n<td style=\"text-align: right; border: 0px !important;\"><span style=\"text-decoration: underline;\">N.I.F.<\/span> :<\/td>\n<td style=\"padding: 6px 6px; border: 0px !important;\">A31130834<\/td>\n<\/tr>\n<tr>\n<td style=\"text-align: right; border: 0px !important;\"><span style=\"text-decoration: underline;\">Phone<\/span> :<\/td>\n<td style=\"padding: 6px 6px; border: 0px !important;\">948 81 94 12<\/td>\n<\/tr>\n<tr>\n<td style=\"text-align: right; border: 0px !important;\"><span style=\"text-decoration: underline;\">Email<\/span> :<\/td>\n<td style=\"padding: 6px 6px; border: 0px !important;\">info@grupoapex.com<\/td>\n<\/tr>\n<\/tbody>\n<\/table>\n<p>[\/et_pb_text][et_pb_divider show_divider=&#8221;off&#8221; _builder_version=&#8221;4.16&#8243; _module_preset=&#8221;default&#8221; global_colors_info=&#8221;{}&#8221;][\/et_pb_divider][et_pb_text _builder_version=&#8221;4.16&#8243; _module_preset=&#8221;default&#8221; global_colors_info=&#8221;{}&#8221;]<\/p>\n<h2>1.2.- DATA PROCESSING.<\/h2>\n<hr>\n<p>[\/et_pb_text][et_pb_text _builder_version=&#8221;4.16&#8243; _module_preset=&#8221;default&#8221; global_colors_info=&#8221;{}&#8221;]<\/p>\n<p align=\"justify\"> Below, we inform you about the data processing that this privacy policy collects, indicating both the legal basis of the <span style=\"color: #0000ff;\"><u><a style= \"color: #0000ff;\" href=\"https:\/\/eur-lex.europa.eu\/legal-content\/ES\/TXT\/?uri=CELEX:32016R0679\">General Data Protection Regulation<\/a><\/u><\/span> ( hereinafter, RGPD) as the specific retention period of the data, to which must be added the time necessary to comply with the legal obligations and attend to the possible responsibilities that may arise for the Responsible in relation to the fulfillment of the purpose for which the data was collected:<\/p>\n<p>[\/et_pb_text][et_pb_text _builder_version=&#8221;4.19.5&#8243; _module_preset=&#8221;default&#8221; global_colors_info=&#8221;{}&#8221;]<\/p>\n<table style=\"height: 230px; width: 100%; border-collapse: collapse; border: 1px #000000 solid;\" border=\"1\">\n<tbody>\n<tr style=\"height: 23px; border: 1px #000000 solid;\">\n<td style=\"width: 33.3333%; height: 23px; background-color: #e7e6e6; border: 1px #000000 solid;\" colspan=\"3\"><strong>RELATING TO OUR RELATIONSHIP WITH YOU<\/strong><\/td>\n<\/tr>\n<tr style=\"height: 23px; background-color: #d9e2f3;\">\n<td style=\"width: 33.3333%; height: 23px; background-color: #d9e2f3; vertical-align: top; border: 1px #000000 solid;\"><strong>Treatments and purposes<\/strong><\/td>\n<td style=\"width: 33.3333%; height: 23px; vertical-align: top; border: 1px #000000 solid;\"><strong>Legal basis (GDPR)<\/strong><\/td>\n<td style=\"width: 33.3333%; height: 23px; vertical-align: top; border: 1px #000000 solid;\"><strong>Term<\/strong><\/td>\n<\/tr>\n<tr style=\"height: 23px;\">\n<td style=\"width: 33.3333%; height: 23px; vertical-align: top; border: 1px #000000 solid;\">Requests for information or consultation: We will use your data to attend to the requests for information, consultation or claims that you send us, with the management and scope that they require. As well as for the preparation of proposals for services and\/or collaboration.<\/td>\n<td style=\"width: 33.3333%; height: 23px; vertical-align: top; border: 1px #000000 solid;\">6.1.a) GDPR. The interested party gave their consent for the treatment.<br \/>6.1.b) RGPD. The treatment is necessary for the application at the request of the interested party of pre-contractual measures.<\/td>\n<td style=\"width: 33.3333%; height: 23px; vertical-align: top; border: 1px #000000 solid;\">During the time necessary to attend to and manage your request and\/or claim.<\/td>\n<\/tr>\n<tr style=\"height: 23px;\">\n<td style=\"width: 33.3333%; height: 23px; vertical-align: top; border: 1px #000000 solid;\">\n<p>Newsletter and commercial communications: In the event that you have a prior contractual relationship with us, unless you object, we will use your data to send you commercial communications related to the products or services that are the subject of said prior contract.<\/p>\n<p>Likewise, when you request or consent to it, we will use your data to send you commercial communications about the Responsible&#8217;s products or services.<\/p>\n<\/td>\n<td style=\"width: 33.3333%; height: 23px; vertical-align: top; border: 1px #000000 solid;\">\n<p><b>Art. 6.1.f)<\/b><b> RGPD. <\/b>Legitimate interest of the Responsible based on the <span style=\"color: #0000ff;\"><u><a style=\"color: #0000ff;\" href=\"https:\/\/www.boe.es\/buscar\/act.php?id=BOE-A-2002-13758&amp;p=20201112&amp;tn=1#a21\">Article 21.1 of the Law on Services of the Information Society and Electronic Commerce<\/a><\/u><\/span>.<\/p>\n<p><b>Art. <\/b><b style=\"font-family: inherit; font-size: inherit;\">6.1.a)<\/b><b style=\"font-family: inherit; font-size: inherit;\"> RGPD. <\/b><span style=\"font-family: inherit; font-size: inherit;\"> Express consent of the interested party.<\/span><\/p>\n<\/td>\n<td style=\"width: 33.3333%; height: 23px; vertical-align: top; border: 1px #000000 solid;\">As long as the contractual relationship remains in force and you wish to continue receiving this type of communication. As long as you do not withdraw your consent and oppose the treatment.<\/td>\n<\/tr>\n<tr style=\"height: 23px;\">\n<td style=\"width: 33.3333%; height: 23px; vertical-align: top; border: 1px #000000 solid;\"><b>Natural persons acting on behalf of legal entities<\/b>: We will use your data to manage and attend to said situation of representation.<\/td>\n<td style=\"width: 33.3333%; height: 23px; vertical-align: top; border: 1px #000000 solid;\"><b>Art. 6.1.f) RGPD<\/b>. Legitimate interest of the Responsible based on article 19 of the <a href=\"https:\/\/www.boe.es\/boe\/dias\/2018\/12\/06\/pdfs\/BOE-A-2018-16673.pdf\"><span style=\"color: #0000ff;\">Organic Law 3\/2018<\/span><\/a>.<\/td>\n<td style=\"width: 33.3333%; height: 23px; vertical-align: top; border: 1px #000000 solid;\">As long as the contractual relationship with the represented legal entity remains in force and we are entitled to the treatment.<\/td>\n<\/tr>\n<tr style=\"height: 23px;\">\n<td style=\"width: 33.3333%; height: 23px; vertical-align: top; border: 1px #000000 solid;\"><b>Manage your participation in visits, events and\/or promotional actions<\/b>: In the event that you register as a participant in any of the promotional actions (contests, courses, events&#8230;) we will process your data to manage your participation in them , and register as a participant, leaving your participation subject to the legal bases of the specific action.<\/td>\n<td style=\"width: 33.3333%; height: 23px; vertical-align: top; border: 1px #000000 solid;\"><b>Art. 6.1.b) RGPD.<\/b> Execution of a contract to which the interested party is a party (Legal basis\/general conditions).<\/td>\n<td style=\"width: 33.3333%; height: 23px; vertical-align: top; border: 1px #000000 solid;\">As long as the contractual relationship remains in force and the person in charge is legitimated for the treatment.<\/td>\n<\/tr>\n<tr style=\"height: 23px;\">\n<td style=\"width: 33.3333%; height: 23px; vertical-align: top; border: 1px #000000 solid;\"><b>In the case of events with public access, capture and use of your image to illustrate news or reviews about the event.<\/b><\/td>\n<td style=\"width: 33.3333%; height: 23px; vertical-align: top; border: 1px #000000 solid;\"><b>Art. 6.1.a) RGPD.<\/b> Express consent of the interested party.<\/td>\n<td style=\"width: 33.3333%; height: 23px; vertical-align: top; border: 1px #000000 solid;\">As long as you do not object to the processing of your data.<\/td>\n<\/tr>\n<tr style=\"height: 23px;\">\n<td style=\"width: 33.3333%; height: 23px; vertical-align: top; border: 1px #000000 solid;\"><b>RRHH: employment exchange and selection processes<\/b> We manage an employment exchange and, in this sense, when you sign up for a job offer from the Responsible Party and\/or send us your CV, we will process your data to cover possible vacancies, collaborations, practices or scholarships. When you apply for a specific application, your application will be analyzed in relation to it and, where appropriate, if you fit the profile we will contact you.<\/td>\n<td style=\"width: 33.3333%; height: 23px; vertical-align: top; border: 1px #000000 solid;\"><b>Art. 6.1.a) RGPD.<\/b> The interested party gave his consent for the treatment.<b>Art. 6.1.b) RGPD.<\/b> The treatment is necessary for the application at the request of the interested party of pre-contractual measures.<\/td>\n<td style=\"width: 33.3333%; height: 23px; vertical-align: top; border: 1px #000000 solid;\">Two years.<\/td>\n<\/tr>\n<tr style=\"height: 23px;\">\n<td style=\"width: 33.3333%; height: 23px; background-color: #e7e6e6; border: 1px #000000 solid;\" colspan=\"3\"><strong>ASSOCIATED WITH REGULATORY COMPLIANCE<\/strong><\/td>\n<\/tr>\n<tr style=\"height: 23px; background-color: #d9e2f3;\">\n<td style=\"width: 33.3333%; height: 23px; vertical-align: top; border: 1px #000000 solid;\"><strong>Treatments<\/strong><\/td>\n<td style=\"width: 33.3333%; height: 23px; vertical-align: top; border: 1px #000000 solid;\"><strong>Legal base<\/strong><\/td>\n<td style=\"width: 33.3333%; height: 23px; vertical-align: top; border: 1px #000000 solid;\"><strong>Term<\/strong><\/td>\n<\/tr>\n<tr style=\"height: 23px;\">\n<td style=\"width: 33.3333%; height: 23px; vertical-align: top; border: 1px #000000 solid;\"><b>Attention to the exercise of the rights of the interested parties<\/b>: In the event that, as an interested party, you exercise any of the rights that assist you in relation to your personal data, we will use the data you provide us to evaluate your request and attend the same.<\/td>\n<td style=\"width: 33.3333%; height: 23px; vertical-align: top; border: 1px #000000 solid;\"><b>Art. 6.1.c) RGPD.<\/b> Compliance with a legal obligation applicable to the Controller based on articles 15 to 22 of the <span style=\"color: #0000ff;\"><a style=\"color: #0000ff;\" href=\"https:\/\/eur-lex.europa.eu\/legal-content\/ES\/TXT\/?uri=CELEX%3A02016R0679-20160504\">RGPD<\/a><\/span> and 12 to 18 of <span style=\"color: #0000ff;\"><a style=\"color: #0000ff;\" href=\"https:\/\/www.boe.es\/boe\/dias\/2018\/12\/06\/pdfs\/BOE-A-2018-16673.pdf\">Organic Law 3\/2018<\/a><\/span>.<\/td>\n<td style=\"width: 33.3333%; height: 23px; vertical-align: top; border: 1px #000000 solid;\">As long as it is necessary to attend to the exercise of rights communicated to the Responsible.<\/td>\n<\/tr>\n<tr style=\"height: 23px;\">\n<td style=\"width: 33.3333%; height: 23px; vertical-align: top; border: 1px #000000 solid;\"><b>Compliance with the legal obligations linked to the products and\/or services offered to the interested parties.<\/b> We will use your data to comply with the legal requirements applicable to the relationship that unites us with you.<\/td>\n<td style=\"width: 33.3333%; height: 23px; vertical-align: top; border: 1px #000000 solid;\"><b>Art. 6.1.c) RGPD.<\/b> Compliance with a legal obligation applicable to the controller.<\/td>\n<td style=\"width: 33.3333%; height: 23px; vertical-align: top; border: 1px #000000 solid;\">As long as it is necessary to comply with the legal obligations of the Responsible.<\/td>\n<\/tr>\n<tr style=\"height: 23px;\">\n<td style=\"width: 33.3333%; height: 23px; background-color: #e7e6e6; border: 1px #000000 solid;\" colspan=\"3\"><strong>COOKIES<\/strong><\/td>\n<\/tr>\n<tr style=\"height: 23px;\">\n<td style=\"width: 33.3333%; height: 23px; border: 1px #000000 solid;\" colspan=\"3\">In the event that when you start your visit to this web page you have agreed to receive cookies, the cookie policy of the website, accessible through the <a href=\"\/en\/cookies-policy\/\">following link<\/a>, will apply to you.<\/td>\n<\/tr>\n<\/tbody>\n<\/table>\n<p>[\/et_pb_text][et_pb_text _builder_version=&#8221;4.16&#8243; _module_preset=&#8221;default&#8221; global_colors_info=&#8221;{}&#8221;]In the event that authorization is requested at any time for the processing of your data, for a purpose that requires your consent, its non-granting (or its possible subsequent withdrawal) will have no consequences for you in any case. Nor will your opposition to the processing of your data for purposes based on legitimate interest (for example, the use of your data as a client to send commercial communications) have any consequence.[\/et_pb_text][et_pb_divider show_divider=&#8221;off&#8221; _builder_version=&#8221;4.16&#8243; _module_preset=&#8221;default&#8221; global_colors_info=&#8221;{}&#8221;][\/et_pb_divider][et_pb_text _builder_version=&#8221;4.16&#8243; _module_preset=&#8221;default&#8221; global_colors_info=&#8221;{}&#8221;]<\/p>\n<h2>1.3.- TYPE OF DATA WE CAN COLLECT ABOUT YOU.<\/h2>\n<hr>\n<p>[\/et_pb_text][et_pb_text _builder_version=&#8221;4.16&#8243; _module_preset=&#8221;default&#8221; global_colors_info=&#8221;{}&#8221;]A trav\u00e9s de las distintas v\u00edas de contacto (correo electr\u00f3nico, tel\u00e9fono, fax\u2026), los formularios, habilitados en nuestro sitio web, se recoger\u00e1n datos identificativos y de contacto, tales como nombre, apellidos, correo electr\u00f3nico, tel\u00e9fono, etc. En alg\u00fan formulario espec\u00edfico, puedes remitirnos informaci\u00f3n complementaria (ej. motivo de la consulta, informaci\u00f3n adicional relacionada con promociones, cv\u2026). <\/p>\n<p>Finalmente, en funci\u00f3n de tus preferencias con las cookies, la configuraci\u00f3n de tu dispositivo al acceder a la p\u00e1gina o a las comunicaciones que te remitamos, podr\u00edamos registrar tu navegaci\u00f3n en nuestra p\u00e1gina web obteniendo informaci\u00f3n sobre tu comportamiento e intereses y podr\u00edamos asimismo conocer la apertura de las comunicaciones comerciales.[\/et_pb_text][et_pb_divider show_divider=&#8221;off&#8221; _builder_version=&#8221;4.16&#8243; _module_preset=&#8221;default&#8221; global_colors_info=&#8221;{}&#8221;][\/et_pb_divider][et_pb_text _builder_version=&#8221;4.16&#8243; _module_preset=&#8221;default&#8221; global_colors_info=&#8221;{}&#8221;]<\/p>\n<h2>1.4.- DESTINATARIOS..<\/h2>\n<hr>\n<p>[\/et_pb_text][et_pb_text _builder_version=&#8221;4.27.6&#8243; _module_preset=&#8221;default&#8221; hover_enabled=&#8221;0&#8243; global_colors_info=&#8221;{}&#8221; sticky_enabled=&#8221;0&#8243;]<\/p>\n<p>In general, except legal obligation, your data will not be communicated or transferred to any third party without your prior express consent. In any case, some communications and\/or data transfers to third parties may be imposed by certain regulations or to meet the obligations with the Public Administrations in the cases that are required in accordance with current legislation, at any time. Other communications and \/ or transfers will be a necessary consequence of the provision of the requested service, management of the event or the result of express consent on your part to the communication. Next, we collect those purposes for which it may be necessary to communicate your data to third parties:<\/p>\n<ul>\n<li>Co-organization of events, training or promotional activities. In the case of organizing events with other entities, we inform you that your data will be processed, in addition to the Responsible Party, by the organization or organizations that are identified in the conditions that regulate said specific action.<\/li>\n<li>Commercial communications from sponsors and\/or third party recipients. In the event that you expressly consent by checking the box provided for this purpose, we will communicate your data to those organizations that are identified at the time of data collection so that they can use them for the purpose that you have consented to.<\/li>\n<li>Enjoy prizes for which an entity other than the Responsible is responsible. In this case, the winner&#8217;s data will be communicated to the company in charge of managing the prize, so that the winner can receive it and\/or coordinate the enjoyment of it with the supplier company.<\/li>\n<li>Communication of the identity of the winner of a promotional action to the general public: The identification data, generally name and surname and sometimes a photograph of the winner may be communicated to the rest of the participants and eventually in the case of promotional actions carried out in open environments and\/or accessible to the public both physically and digitally, the data may be accessed by the general public, with the aim of accrediting the correct development of the promotion.<\/li>\n<li>Sending communications and newsletters, measuring your activity, forms and surveys. In this case, your data will be communicated to the company that owns the technological solution used for this purpose, so that it fulfills the sending and measurement functions that have been entrusted to it.<\/li>\n<li>Hosting of the website. The data hosted on our website will be communicated to the company that provides us with the web hosting service.<\/li>\n<\/ul>\n<p>In addition to external organizations, to the extent that the Controller is part of a business group, your data may be transmitted between the organizations of said group for the purpose of administrative and management efficiency. We indicate below the organizations that make up the group with which your data may be shared:<\/p>\n<p>&nbsp;<\/p>\n<table style=\"height: 230px; width: 100%; border-collapse: collapse; border: 1px #000000 solid;\" border=\"1\">\n<tbody>\n<tr style=\"height: 23px; background-color: #d9e2f3;\">\n<td style=\"width: 33.3333%; height: 23px; background-color: #d9e2f3; vertical-align: top; border: 1px #000000 solid;\"><strong>Denomination<\/strong><\/td>\n<td style=\"width: 33.3333%; height: 23px; vertical-align: top; border: 1px #000000 solid;\"><strong>registered office<\/strong><\/td>\n<td style=\"width: 33.3333%; height: 23px; vertical-align: top; border: 1px #000000 solid;\"><strong>NIF<\/strong><\/td>\n<\/tr>\n<tr style=\"height: 23px;\">\n<td style=\"width: 33.3333%; height: 23px; vertical-align: top; border: 1px #000000 solid;\">Chavez y Clark, S.L.<\/td>\n<td style=\"width: 33.3333%; height: 23px; vertical-align: top; border: 1px #000000 solid;\">Pol. Ind. Las Salinas de Poniente \u00b7 c\/Erat\u00f3stenes, 198 M\u00f3dulo B, Buz\u00f3n 3 11500 \u00b7 El Puerto de Santa Mar\u00eda, C\u00e1diz (Espa\u00f1a)<\/td>\n<td style=\"width: 33.3333%; height: 23px; vertical-align: top; border: 1px #000000 solid;\">B11390994<\/td>\n<\/tr>\n<tr style=\"height: 23px;\">\n<td style=\"width: 33.3333%; height: 23px; vertical-align: top; border: 1px #000000 solid;\">Papes Safor, S.L.U.<\/td>\n<td style=\"width: 33.3333%; height: 23px; vertical-align: top; border: 1px #000000 solid;\">Pol. Ind. Les Vinyes C\/ Dels Mallorquins, 7 \u00b7 46711, Miramar (Valencia)<\/td>\n<td style=\"width: 33.3333%; height: 23px; vertical-align: top; border: 1px #000000 solid;\">B96006853<\/td>\n<\/tr>\n<tr style=\"height: 23px;\">\n<td style=\"width: 33.3333%; height: 23px; vertical-align: top; border: 1px #000000 solid;\">Viube Foods S.L.U..<\/td>\n<td style=\"width: 33.3333%; height: 23px; vertical-align: top; border: 1px #000000 solid;\">Avenida Paisos Catalans, 123, Riudellots de la Selva, 17457, Gerona<\/td>\n<td style=\"width: 33.3333%; height: 23px; vertical-align: top; border: 1px #000000 solid;\">B55284459<\/td>\n<\/tr>\n<tr>\n<td style=\"width: 33.3333%; vertical-align: top; border: 1px solid #000000;\"><span>Patatas Fritas Santo Reino, S.L.U.<\/span><\/td>\n<td style=\"width: 33.3333%; vertical-align: top; border: 1px solid #000000;\"><span>Parque Empresarial Nuevo Ja\u00e9n, Calle Beatriz N\u00fa\u00f1ez, 41, 23009, Ja\u00e9n<\/span><\/td>\n<td style=\"width: 33.3333%; vertical-align: top; border: 1px solid #000000;\"><span>B23588049<\/span><\/td>\n<\/tr>\n<\/tbody>\n<\/table>\n<p>&nbsp;<\/p>\n<p>Finally, we inform you that we use the following third-party services that involve international data transfers:<\/p>\n<ul>\n<li>Newsletter delivery and management service offered by <span style=\"text-decoration: underline;\">Mailchimp<\/span> (The Rocket Science Group), implying <span style=\"text-decoration: underline;\">international data transfer to USA<\/span>. Said transfer is preceded by the formalization of the corresponding <span style=\"text-decoration: underline;\">standard contractual clauses<\/span>.<\/li>\n<\/ul>\n<p>In any case, inform you that we strive to ensure that all our collaborators or suppliers that may have access to your data comply with the requirements established in the General Data Protection Regulation and offer adequate guarantees.<\/p>\n<p>[\/et_pb_text][et_pb_divider show_divider=&#8221;off&#8221; _builder_version=&#8221;4.16&#8243; _module_preset=&#8221;default&#8221; global_colors_info=&#8221;{}&#8221;][\/et_pb_divider][et_pb_text _builder_version=&#8221;4.16&#8243; _module_preset=&#8221;default&#8221; global_colors_info=&#8221;{}&#8221;]<\/p>\n<h2>1.5.- RIGHTS.<\/h2>\n<hr \/>\n<p>[\/et_pb_text][et_pb_text _builder_version=&#8221;4.19.5&#8243; _module_preset=&#8221;default&#8221; global_colors_info=&#8221;{}&#8221;]Regarding the personal data collected for its treatment, you have the possibility of exercising the rights of access, rectification, deletion and portability. Likewise, in certain circumstances, you will have the right to request the limitation or opposition of the processing of your data, in which case the Responsible Party will cease its processing and will only keep the same in the event that there is any regulatory obligation that imposes it or until the prescription of the actions that could concur. For any query or exercise of your rights, you can contact us by accrediting your identity in the email info@grupoapex.com or through any of the contact channels indicated in the heading of this privacy policy. <a href=\"#\">Data Protection<\/a><\/span>.<\/p>\n<p>Finally, you can also go to the control authority when you consider it appropriate to file a claim (for example, in the country where you have your habitual residence, your place of work or in which you consider that the alleged infringement has occurred). For the appropriate purposes, we inform you that in Spain the Control Authority is the <a href=\"https:\/\/www.aepd.es\/es\">Spanish Agency for Data Protection<\/a>, and you can exercise your rights through the forms that this entity has enabled for this purpose and that are available in its website. <a href=\"https:\/\/sedeagpd.gob.es\/sede-electronica-web\/vistas\/infoSede\/inicioCiudadano.jsf\">electronic office<\/a>.<\/p>\n<p>If you want more information about the aforementioned rights, we invite you to continue reading or visit <a href=\"https:\/\/www.aepd.es\/es\/documento\/cuales-son-tus-derechos-de-proteccion-de-datos.pdf\">the infographic prepared by the Spanish Data Protection Agency<\/a>.<\/p>\n<p>You can direct your claim or exercise your rights through any of the contact channels indicated in the \u201cIdentity of the Responsible\u201d section of this policy.[\/et_pb_text][\/et_pb_column][\/et_pb_row][\/et_pb_section][et_pb_section fb_built=&#8221;1&#8243; _builder_version=&#8221;4.16&#8243; _module_preset=&#8221;default&#8221; custom_padding=&#8221;24px|||||&#8221; global_colors_info=&#8221;{}&#8221;][et_pb_row _builder_version=&#8221;4.16&#8243; _module_preset=&#8221;default&#8221; global_colors_info=&#8221;{}&#8221;][et_pb_column type=&#8221;4_4&#8243; _builder_version=&#8221;4.16&#8243; _module_preset=&#8221;default&#8221; global_colors_info=&#8221;{}&#8221;][et_pb_text _builder_version=&#8221;4.16&#8243; _module_preset=&#8221;default&#8221; global_colors_info=&#8221;{}&#8221;]<\/p>\n<h2>2. LEGAL WARNING<\/h2>\n<hr \/>\n<p>[\/et_pb_text][et_pb_text _builder_version=&#8221;4.16&#8243; _module_preset=&#8221;default&#8221; global_colors_info=&#8221;{}&#8221;]<\/p>\n<h2>2.1. IDENTIFICATION DATA OF THE HOLDER.<\/h2>\n<hr \/>\n<p>[\/et_pb_text][et_pb_text _builder_version=&#8221;4.16&#8243; _module_preset=&#8221;default&#8221; global_colors_info=&#8221;{}&#8221;]In accordance with the provisions of article 10 of Law 34\/2002, of July 11, on services of the information society and electronic commerce, we inform you that the owner of this website is the commercial company Aperitivos y Extrusionados, S.A, sita en Pol\u00edgono \u201cEl Ginestar\u201d, Carretera Nacional, 232. Km. 104, CP: 31550, Ribaforada, (Navarra), and with N.I.F. number A31130834 and registered in the Mercantile Registry of Navarra al Took 1764, invoice 11, Section 8, Sheet NA 2247, I\/A 105[\/et_pb_text][et_pb_divider show_divider=&#8221;off&#8221; _builder_version=&#8221;4.16&#8243; _module_preset=&#8221;default&#8221; global_colors_info=&#8221;{}&#8221;][\/et_pb_divider][et_pb_text _builder_version=&#8221;4.16&#8243; _module_preset=&#8221;default&#8221; global_colors_info=&#8221;{}&#8221;]<\/p>\n<h2>2.2. CONTACT.<\/h2>\n<hr \/>\n<p>[\/et_pb_text][et_pb_text _builder_version=&#8221;4.16&#8243; _module_preset=&#8221;default&#8221; global_colors_info=&#8221;{}&#8221;]For any question you can contact Aperitivos y Extrusionados, S.A. via phone number 948 81 94 12 or by directing your request to the email address info@grupoapex.com[\/et_pb_text][et_pb_divider show_divider=&#8221;off&#8221; _builder_version=&#8221;4.16&#8243; _module_preset=&#8221;default&#8221; global_colors_info=&#8221;{}&#8221;][\/et_pb_divider][et_pb_text module_id=&#8221;companies-relationship&#8221; _builder_version=&#8221;4.19.5&#8243; _module_preset=&#8221;default&#8221; global_colors_info=&#8221;{}&#8221;]<\/p>\n<h2>2.3. BUSINESS GROUP TO WHICH THE RESPONSIBLE BELONGS.<\/h2>\n<hr \/>\n<p>[\/et_pb_text][et_pb_text _builder_version=&#8221;4.27.6&#8243; _module_preset=&#8221;default&#8221; hover_enabled=&#8221;0&#8243; global_colors_info=&#8221;{}&#8221; sticky_enabled=&#8221;0&#8243;]<\/p>\n<p>The business group to which the Controller belongs is made up of the following organisations:<\/p>\n<p>&nbsp;<\/p>\n<table style=\"height: 230px; width: 100%; border-collapse: collapse; border: 1px #000000 solid;\" border=\"1\">\n<tbody>\n<tr style=\"height: 23px; background-color: #d9e2f3;\">\n<td style=\"width: 33.3333%; height: 23px; background-color: #d9e2f3; vertical-align: top; border: 1px #000000 solid;\"><strong>Denomination<\/strong><\/td>\n<td style=\"width: 33.3333%; height: 23px; vertical-align: top; border: 1px #000000 solid;\"><strong>Registered office<\/strong><\/td>\n<td style=\"width: 33.3333%; height: 23px; vertical-align: top; border: 1px #000000 solid;\"><strong>NIF<\/strong><\/td>\n<\/tr>\n<tr style=\"height: 23px;\">\n<td style=\"width: 33.3333%; height: 23px; vertical-align: top; border: 1px #000000 solid;\">Chavez y Clark, S.L.<\/td>\n<td style=\"width: 33.3333%; height: 23px; vertical-align: top; border: 1px #000000 solid;\">Pol. Ind. Las Salinas de Poniente \u00b7 c\/Erat\u00f3stenes, 198 M\u00f3dulo B, Buz\u00f3n 3 11500 \u00b7 El Puerto de Santa Mar\u00eda, C\u00e1diz (Espa\u00f1a)<\/td>\n<td style=\"width: 33.3333%; height: 23px; vertical-align: top; border: 1px #000000 solid;\">B11390994<\/td>\n<\/tr>\n<tr style=\"height: 23px;\">\n<td style=\"width: 33.3333%; height: 23px; vertical-align: top; border: 1px #000000 solid;\">Papes Safor, S.L.U.<\/td>\n<td style=\"width: 33.3333%; height: 23px; vertical-align: top; border: 1px #000000 solid;\">Pol. Ind. Les Vinyes C\/ Dels Mallorquins, 7 \u00b7 46711, Miramar (Valencia)<\/td>\n<td style=\"width: 33.3333%; height: 23px; vertical-align: top; border: 1px #000000 solid;\">B96006853<\/td>\n<\/tr>\n<tr style=\"height: 23px;\">\n<td style=\"width: 33.3333%; height: 23px; vertical-align: top; border: 1px #000000 solid;\">Viube Foods S.L.U.<\/td>\n<td style=\"width: 33.3333%; height: 23px; vertical-align: top; border: 1px #000000 solid;\">Avenida Paisos Catalans, 123, Riudellots de la Selva, 17457, Gerona<\/td>\n<td style=\"width: 33.3333%; height: 23px; vertical-align: top; border: 1px #000000 solid;\">B55284459<\/td>\n<\/tr>\n<tr>\n<td style=\"width: 33.3333%; vertical-align: top; border: 1px solid #000000;\"><span>Patatas Fritas Santo Reino, S.L.U.<\/span><\/td>\n<td style=\"width: 33.3333%; vertical-align: top; border: 1px solid #000000;\"><span>Parque Empresarial Nuevo Ja\u00e9n, Calle Beatriz N\u00fa\u00f1ez, 41, 23009, Ja\u00e9n<\/span><\/td>\n<td style=\"width: 33.3333%; vertical-align: top; border: 1px solid #000000;\"><span>B23588049<\/span><\/td>\n<\/tr>\n<\/tbody>\n<\/table>\n<p>[\/et_pb_text][\/et_pb_column][\/et_pb_row][\/et_pb_section]<\/p>\n","protected":false},"excerpt":{"rendered":"<p>Legal Notice and Privacy Policy1. PRIVACY POLICYThe personal data that you provide us by any of the means enabled for this purpose, will be treated in accordance with the following privacy policy. In relation to the collection of data, inform you that, in the event that it is not necessary to provide all the requested [&hellip;]<\/p>\n","protected":false},"author":1,"featured_media":0,"parent":0,"menu_order":2,"comment_status":"closed","ping_status":"closed","template":"","meta":{"_et_pb_use_builder":"on","_et_pb_old_content":"","_et_gb_content_width":"","footnotes":""},"class_list":["post-7704","page","type-page","status-publish","hentry"],"yoast_head":"<!-- This site is optimized with the Yoast SEO plugin v27.3 - https:\/\/yoast.com\/product\/yoast-seo-wordpress\/ -->\n<title>Legal Notice and Privacy Policy - Grupo Apex<\/title>\n<meta name=\"robots\" content=\"index, follow, max-snippet:-1, max-image-preview:large, max-video-preview:-1\" \/>\n<link rel=\"canonical\" href=\"https:\/\/www.grupoapex.es\/en\/legal-notice-and-privacy-policy\/\" \/>\n<meta property=\"og:locale\" content=\"en_US\" \/>\n<meta property=\"og:type\" content=\"article\" \/>\n<meta property=\"og:title\" content=\"Legal Notice and Privacy Policy - Grupo Apex\" \/>\n<meta property=\"og:description\" content=\"Legal Notice and Privacy Policy1. PRIVACY POLICYThe personal data that you provide us by any of the means enabled for this purpose, will be treated in accordance with the following privacy policy. In relation to the collection of data, inform you that, in the event that it is not necessary to provide all the requested [&hellip;]\" \/>\n<meta property=\"og:url\" content=\"https:\/\/www.grupoapex.es\/en\/legal-notice-and-privacy-policy\/\" \/>\n<meta property=\"og:site_name\" content=\"Grupo Apex\" \/>\n<meta property=\"article:modified_time\" content=\"2026-03-02T07:34:46+00:00\" \/>\n<meta name=\"twitter:card\" content=\"summary_large_image\" \/>\n<meta name=\"twitter:label1\" content=\"Est. reading time\" \/>\n\t<meta name=\"twitter:data1\" content=\"14 minutes\" \/>\n<script type=\"application\/ld+json\" class=\"yoast-schema-graph\">{\"@context\":\"https:\\\/\\\/schema.org\",\"@graph\":[{\"@type\":\"WebPage\",\"@id\":\"https:\\\/\\\/www.grupoapex.es\\\/en\\\/legal-notice-and-privacy-policy\\\/\",\"url\":\"https:\\\/\\\/www.grupoapex.es\\\/en\\\/legal-notice-and-privacy-policy\\\/\",\"name\":\"Legal Notice and Privacy Policy - Grupo Apex\",\"isPartOf\":{\"@id\":\"https:\\\/\\\/www.grupoapex.es\\\/en\\\/#website\"},\"datePublished\":\"2022-07-01T11:09:44+00:00\",\"dateModified\":\"2026-03-02T07:34:46+00:00\",\"breadcrumb\":{\"@id\":\"https:\\\/\\\/www.grupoapex.es\\\/en\\\/legal-notice-and-privacy-policy\\\/#breadcrumb\"},\"inLanguage\":\"en-US\",\"potentialAction\":[{\"@type\":\"ReadAction\",\"target\":[\"https:\\\/\\\/www.grupoapex.es\\\/en\\\/legal-notice-and-privacy-policy\\\/\"]}]},{\"@type\":\"BreadcrumbList\",\"@id\":\"https:\\\/\\\/www.grupoapex.es\\\/en\\\/legal-notice-and-privacy-policy\\\/#breadcrumb\",\"itemListElement\":[{\"@type\":\"ListItem\",\"position\":1,\"name\":\"Portada\",\"item\":\"https:\\\/\\\/www.grupoapex.es\\\/en\\\/\"},{\"@type\":\"ListItem\",\"position\":2,\"name\":\"Legal Notice and Privacy Policy\"}]},{\"@type\":\"WebSite\",\"@id\":\"https:\\\/\\\/www.grupoapex.es\\\/en\\\/#website\",\"url\":\"https:\\\/\\\/www.grupoapex.es\\\/en\\\/\",\"name\":\"Grupo Apex\",\"description\":\"\",\"potentialAction\":[{\"@type\":\"SearchAction\",\"target\":{\"@type\":\"EntryPoint\",\"urlTemplate\":\"https:\\\/\\\/www.grupoapex.es\\\/en\\\/?s={search_term_string}\"},\"query-input\":{\"@type\":\"PropertyValueSpecification\",\"valueRequired\":true,\"valueName\":\"search_term_string\"}}],\"inLanguage\":\"en-US\"}]}<\/script>\n<!-- \/ Yoast SEO plugin. -->","yoast_head_json":{"title":"Legal Notice and Privacy Policy - Grupo Apex","robots":{"index":"index","follow":"follow","max-snippet":"max-snippet:-1","max-image-preview":"max-image-preview:large","max-video-preview":"max-video-preview:-1"},"canonical":"https:\/\/www.grupoapex.es\/en\/legal-notice-and-privacy-policy\/","og_locale":"en_US","og_type":"article","og_title":"Legal Notice and Privacy Policy - Grupo Apex","og_description":"Legal Notice and Privacy Policy1. PRIVACY POLICYThe personal data that you provide us by any of the means enabled for this purpose, will be treated in accordance with the following privacy policy. In relation to the collection of data, inform you that, in the event that it is not necessary to provide all the requested [&hellip;]","og_url":"https:\/\/www.grupoapex.es\/en\/legal-notice-and-privacy-policy\/","og_site_name":"Grupo Apex","article_modified_time":"2026-03-02T07:34:46+00:00","twitter_card":"summary_large_image","twitter_misc":{"Est. reading time":"14 minutes"},"schema":{"@context":"https:\/\/schema.org","@graph":[{"@type":"WebPage","@id":"https:\/\/www.grupoapex.es\/en\/legal-notice-and-privacy-policy\/","url":"https:\/\/www.grupoapex.es\/en\/legal-notice-and-privacy-policy\/","name":"Legal Notice and Privacy Policy - Grupo Apex","isPartOf":{"@id":"https:\/\/www.grupoapex.es\/en\/#website"},"datePublished":"2022-07-01T11:09:44+00:00","dateModified":"2026-03-02T07:34:46+00:00","breadcrumb":{"@id":"https:\/\/www.grupoapex.es\/en\/legal-notice-and-privacy-policy\/#breadcrumb"},"inLanguage":"en-US","potentialAction":[{"@type":"ReadAction","target":["https:\/\/www.grupoapex.es\/en\/legal-notice-and-privacy-policy\/"]}]},{"@type":"BreadcrumbList","@id":"https:\/\/www.grupoapex.es\/en\/legal-notice-and-privacy-policy\/#breadcrumb","itemListElement":[{"@type":"ListItem","position":1,"name":"Portada","item":"https:\/\/www.grupoapex.es\/en\/"},{"@type":"ListItem","position":2,"name":"Legal Notice and Privacy Policy"}]},{"@type":"WebSite","@id":"https:\/\/www.grupoapex.es\/en\/#website","url":"https:\/\/www.grupoapex.es\/en\/","name":"Grupo Apex","description":"","potentialAction":[{"@type":"SearchAction","target":{"@type":"EntryPoint","urlTemplate":"https:\/\/www.grupoapex.es\/en\/?s={search_term_string}"},"query-input":{"@type":"PropertyValueSpecification","valueRequired":true,"valueName":"search_term_string"}}],"inLanguage":"en-US"}]}},"_links":{"self":[{"href":"https:\/\/www.grupoapex.es\/en\/wp-json\/wp\/v2\/pages\/7704","targetHints":{"allow":["GET"]}}],"collection":[{"href":"https:\/\/www.grupoapex.es\/en\/wp-json\/wp\/v2\/pages"}],"about":[{"href":"https:\/\/www.grupoapex.es\/en\/wp-json\/wp\/v2\/types\/page"}],"author":[{"embeddable":true,"href":"https:\/\/www.grupoapex.es\/en\/wp-json\/wp\/v2\/users\/1"}],"replies":[{"embeddable":true,"href":"https:\/\/www.grupoapex.es\/en\/wp-json\/wp\/v2\/comments?post=7704"}],"version-history":[{"count":19,"href":"https:\/\/www.grupoapex.es\/en\/wp-json\/wp\/v2\/pages\/7704\/revisions"}],"predecessor-version":[{"id":26159,"href":"https:\/\/www.grupoapex.es\/en\/wp-json\/wp\/v2\/pages\/7704\/revisions\/26159"}],"wp:attachment":[{"href":"https:\/\/www.grupoapex.es\/en\/wp-json\/wp\/v2\/media?parent=7704"}],"curies":[{"name":"wp","href":"https:\/\/api.w.org\/{rel}","templated":true}]}}